{"id":744,"date":"2019-09-11T20:00:33","date_gmt":"2019-09-11T20:00:33","guid":{"rendered":"https:\/\/www.residenzalma.com\/?page_id=744"},"modified":"2019-09-11T20:00:56","modified_gmt":"2019-09-11T20:00:56","slug":"apartment-luna","status":"publish","type":"page","link":"https:\/\/www.residenzalma.com\/en\/residence-alma-2\/apartment-luna\/","title":{"rendered":"Apartment Luna"},"content":{"rendered":"<div class=\"row\">\n\n                 \n<div class=\"col-md-6\">\n\n                 \n<h2>TRILOCALE LUNA<\/h2>\n<p>Si trova nella <strong>tranquilla Via Cecina<\/strong>, a 5 minuti dal centro di Riccione, collegato dalla principale pista ciclabile e pedonale. Riccione \u00e8 la citt\u00e0 ideale per chi ama girare in bicicletta.<\/p>\n<p>Durante il soggiorno nel trilocale Luna \u00e8 possibile utilizzare le <strong>biciclette<\/strong> messe a disposizione gratuitamente.<\/p>\n<p><strong>L\u2019appartamento<\/strong> \u00e8 situato al primo piano, 2-6 posti letto <strong>80 mq.<\/strong> ca.<\/p>\n<p>Ambiente moderno e confortevole. Ingresso con <strong>cucina e sala da pranzo<\/strong> elegante e spaziosa.<\/p>\n<p><strong>Camera matrimoniale<\/strong> dai toni caldi e dal design in stile <strong>lineare<\/strong>.Seconda camera con letto matrimoniale e letto a castello. Bagno con box doccia.<\/p>\n<a class=\"button-primary button-large inverted\" href=\"?page_id=38\">Richiedi disponibilit\u00e0 per TRILOCALE LUNA<\/a>\n\n\t            \n\t           <!-- END .col -->\n\t           <\/div>\n<div class=\"col-md-6\">\n\n                 \n<h3 style=\"margin-left: 50px;\">L\u2019appartamento \u00e8 dotato di:<\/h3>\n<ul>\n<li>la biancheria iniziale (camera, bagno, cucina)<\/li>\n<li>aria condizionata<\/li>\n<li>wifi speed<\/li>\n<li>2 TV LCD, cassaforte<\/li>\n<li>balcone<\/li>\n<li>set di stoviglie per sei persone<\/li>\n<li>frigo, lavastoviglie, microonde<\/li>\n<li>bollitore, macchina per caff\u00e8<\/li>\n<li>lavatrice, ferro da stiro<\/li>\n<li>phon<\/li>\n<li>set per le pulizie con aspirapolvere<\/li>\n<\/ul>\n\n\t            \n\t           <!-- END .col -->\n\t           <\/div>\n\n\t            \n\t           <!-- END .row -->\n\t           <\/div>\n<div class=\"row\">\n\n                 \n<div class=\"col-md-12\">\n\n                 \n<div class=\"gallery-item \" style=\"width: 100%; height: auto;\"><a class=\"fancybox\" title=\"Trilocale Luna Riccione\" href=\"https:\/\/www.residenzalma.com\/wp-content\/uploads\/2019\/09\/1677-luna-cucina.jpg\"  data-fancybox-group=\"Trilocale Luna\" ><img class=\"img-responsive\" alt=\"Trilocale Luna Riccione\" src=\"https:\/\/www.residenzalma.com\/wp-content\/uploads\/2019\/09\/1677-luna-cucina.jpg\"  \/><div class=\"overlay\"><div class=\"overlay-meta\"><h3>Trilocale Luna Riccione<\/h3><span class=\"caption\"><\/span><\/div><\/div><\/a><\/div>\n<div class=\"gallery-item \" style=\"width: 100%; height: auto;\"><a class=\"fancybox\" title=\"Trilocale Stella Riccione\" href=\"https:\/\/www.residenzalma.com\/wp-content\/uploads\/2019\/09\/1655-cucina-luna.jpg\"  data-fancybox-group=\"Trilocale Perla\" ><img class=\"img-responsive\" alt=\"Trilocale Stella Riccione\" src=\"https:\/\/www.residenzalma.com\/wp-content\/uploads\/2019\/09\/1655-cucina-luna.jpg\"  \/><div class=\"overlay\"><div class=\"overlay-meta\"><h3>Trilocale Stella Riccione<\/h3><span class=\"caption\"><\/span><\/div><\/div><\/a><\/div>\n<div class=\"gallery-item \" style=\"width: 100%; height: auto;\"><a class=\"fancybox\" title=\"Trilocale Stella Riccione\" href=\"https:\/\/www.residenzalma.com\/wp-content\/uploads\/2019\/09\/1666-soggiorno-luna.jpg\"  data-fancybox-group=\"Trilocale Perla\" ><img class=\"img-responsive\" alt=\"Trilocale Stella Riccione\" src=\"https:\/\/www.residenzalma.com\/wp-content\/uploads\/2019\/09\/1666-soggiorno-luna.jpg\"  \/><div class=\"overlay\"><div class=\"overlay-meta\"><h3>Trilocale Stella Riccione<\/h3><span class=\"caption\"><\/span><\/div><\/div><\/a><\/div>\n<div class=\"gallery-item \" style=\"width: 100%; height: auto;\"><a class=\"fancybox\" title=\"Trilocale Stella Riccione\" href=\"https:\/\/www.residenzalma.com\/wp-content\/uploads\/2019\/09\/1687-tavolo-cucina-luna.jpg\"  data-fancybox-group=\"Trilocale Perla\" ><img class=\"img-responsive\" alt=\"Trilocale Stella Riccione\" src=\"https:\/\/www.residenzalma.com\/wp-content\/uploads\/2019\/09\/1687-tavolo-cucina-luna.jpg\"  \/><div class=\"overlay\"><div class=\"overlay-meta\"><h3>Trilocale Stella Riccione<\/h3><span class=\"caption\"><\/span><\/div><\/div><\/a><\/div>\n<div class=\"gallery-item \" style=\"width: 100%; height: auto;\"><a class=\"fancybox\" title=\"Trilocale Stella Riccione\" href=\"https:\/\/www.residenzalma.com\/wp-content\/uploads\/2019\/09\/1591-camera-luna.jpg\"  data-fancybox-group=\"Trilocale Perla\" ><img class=\"img-responsive\" alt=\"Trilocale Stella Riccione\" src=\"https:\/\/www.residenzalma.com\/wp-content\/uploads\/2019\/09\/1591-camera-luna.jpg\"  \/><div class=\"overlay\"><div class=\"overlay-meta\"><h3>Trilocale Stella Riccione<\/h3><span class=\"caption\"><\/span><\/div><\/div><\/a><\/div>\n<div class=\"gallery-item \" style=\"width: 100%; height: auto;\"><a class=\"fancybox\" title=\"Trilocale Stella Riccione\" href=\"https:\/\/www.residenzalma.com\/wp-content\/uploads\/2019\/09\/1576-camera-luna.jpg\"  data-fancybox-group=\"Trilocale Perla\" ><img class=\"img-responsive\" alt=\"Trilocale Stella Riccione\" src=\"https:\/\/www.residenzalma.com\/wp-content\/uploads\/2019\/09\/1576-camera-luna.jpg\"  \/><div class=\"overlay\"><div class=\"overlay-meta\"><h3>Trilocale Stella Riccione<\/h3><span class=\"caption\"><\/span><\/div><\/div><\/a><\/div>\n<div class=\"gallery-item \" style=\"width: 100%; height: auto;\"><a class=\"fancybox\" title=\"Trilocale Stella Riccione\" href=\"https:\/\/www.residenzalma.com\/wp-content\/uploads\/2019\/09\/1610-specchio-luna.jpg\"  data-fancybox-group=\"Trilocale Perla\" ><img class=\"img-responsive\" alt=\"Trilocale Stella Riccione\" src=\"https:\/\/www.residenzalma.com\/wp-content\/uploads\/2019\/09\/1610-specchio-luna.jpg\"  \/><div class=\"overlay\"><div class=\"overlay-meta\"><h3>Trilocale Stella Riccione<\/h3><span class=\"caption\"><\/span><\/div><\/div><\/a><\/div>\n<div class=\"gallery-item \" style=\"width: 100%; height: auto;\"><a class=\"fancybox\" title=\"Trilocale Luna Riccione\" href=\"https:\/\/www.residenzalma.com\/wp-content\/uploads\/2019\/09\/1727-camera2-luna.jpg\"  data-fancybox-group=\"Trilocale Luna\" ><img class=\"img-responsive\" alt=\"Trilocale Luna Riccione\" src=\"https:\/\/www.residenzalma.com\/wp-content\/uploads\/2019\/09\/1727-camera2-luna.jpg\"  \/><div class=\"overlay\"><div class=\"overlay-meta\"><h3>Trilocale Luna Riccione<\/h3><span class=\"caption\"><\/span><\/div><\/div><\/a><\/div>\n<div class=\"gallery-item \" style=\"width: 100%; height: auto;\"><a class=\"fancybox\" title=\"Trilocale Luna Riccione\" href=\"https:\/\/www.residenzalma.com\/wp-content\/uploads\/2019\/09\/1695-dettaglio-letto.jpg\"  data-fancybox-group=\"Trilocale Luna\" ><img class=\"img-responsive\" alt=\"Trilocale Luna Riccione\" src=\"https:\/\/www.residenzalma.com\/wp-content\/uploads\/2019\/09\/1695-dettaglio-letto.jpg\"  \/><div class=\"overlay\"><div class=\"overlay-meta\"><h3>Trilocale Luna Riccione<\/h3><span class=\"caption\"><\/span><\/div><\/div><\/a><\/div>\n<div class=\"gallery-item \" style=\"width: 100%; height: auto;\"><a class=\"fancybox\" title=\"Trilocale Luna Riccione\" href=\"https:\/\/www.residenzalma.com\/wp-content\/uploads\/2019\/09\/1741-luna-letto-castello.jpg\"  data-fancybox-group=\"Trilocale Luna\" ><img class=\"img-responsive\" alt=\"Trilocale Luna Riccione\" src=\"https:\/\/www.residenzalma.com\/wp-content\/uploads\/2019\/09\/1741-luna-letto-castello.jpg\"  \/><div class=\"overlay\"><div class=\"overlay-meta\"><h3>Trilocale Luna Riccione<\/h3><span class=\"caption\"><\/span><\/div><\/div><\/a><\/div>\n<div class=\"gallery-item \" style=\"width: 100%; height: auto;\"><a class=\"fancybox\" title=\"Trilocale Luna Riccione\" href=\"https:\/\/www.residenzalma.com\/wp-content\/uploads\/2019\/09\/1740-cuscini-luna.jpg\"  data-fancybox-group=\"Trilocale Luna\" ><img class=\"img-responsive\" alt=\"Trilocale Luna Riccione\" src=\"https:\/\/www.residenzalma.com\/wp-content\/uploads\/2019\/09\/1740-cuscini-luna.jpg\"  \/><div class=\"overlay\"><div class=\"overlay-meta\"><h3>Trilocale Luna Riccione<\/h3><span class=\"caption\"><\/span><\/div><\/div><\/a><\/div>\n<div class=\"gallery-item \" style=\"width: 100%; height: auto;\"><a class=\"fancybox\" title=\"Trilocale Luna Riccione\" href=\"https:\/\/www.residenzalma.com\/wp-content\/uploads\/2019\/09\/1794-dettaglio-bagno-luna.jpg\"  data-fancybox-group=\"Trilocale Luna\" ><img class=\"img-responsive\" alt=\"Trilocale Luna Riccione\" src=\"https:\/\/www.residenzalma.com\/wp-content\/uploads\/2019\/09\/1794-dettaglio-bagno-luna.jpg\"  \/><div class=\"overlay\"><div class=\"overlay-meta\"><h3>Trilocale Luna Riccione<\/h3><span class=\"caption\"><\/span><\/div><\/div><\/a><\/div>\n<div class=\"gallery-item \" style=\"width: 100%; height: auto;\"><a class=\"fancybox\" title=\"Trilocale Luna Riccione\" href=\"https:\/\/www.residenzalma.com\/wp-content\/uploads\/2019\/09\/1891-esterno-perla.jpg\"  data-fancybox-group=\"Trilocale Luna\" ><img class=\"img-responsive\" alt=\"Trilocale Luna Riccione\" src=\"https:\/\/www.residenzalma.com\/wp-content\/uploads\/2019\/09\/1891-esterno-perla.jpg\"  \/><div class=\"overlay\"><div class=\"overlay-meta\"><h3>Trilocale Luna Riccione<\/h3><span class=\"caption\"><\/span><\/div><\/div><\/a><\/div>\n<div class=\"gallery-item \" style=\"width: 100%; height: auto;\"><a class=\"fancybox\" title=\"Trilocale Luna Riccione\" href=\"https:\/\/www.residenzalma.com\/wp-content\/uploads\/2019\/09\/1787-bagno-luna-vert.jpg\"  data-fancybox-group=\"Trilocale Luna\" ><img class=\"img-responsive\" alt=\"Trilocale Luna Riccione\" src=\"https:\/\/www.residenzalma.com\/wp-content\/uploads\/2019\/09\/1787-bagno-luna-vert.jpg\"  \/><div class=\"overlay\"><div class=\"overlay-meta\"><h3>Trilocale Luna Riccione<\/h3><span class=\"caption\"><\/span><\/div><\/div><\/a><\/div>\n<div class=\"gallery-item \" style=\"width: 100%; height: auto;\"><a class=\"fancybox\" title=\"Trilocale Luna Riccione\" href=\"https:\/\/www.residenzalma.com\/wp-content\/uploads\/2019\/09\/1891-esterno-perla.jpg\"  data-fancybox-group=\"Trilocale Luna\" ><img class=\"img-responsive\" alt=\"Trilocale Luna Riccione\" src=\"https:\/\/www.residenzalma.com\/wp-content\/uploads\/2019\/09\/1891-esterno-perla.jpg\"  \/><div class=\"overlay\"><div class=\"overlay-meta\"><h3>Trilocale Luna Riccione<\/h3><span class=\"caption\"><\/span><\/div><\/div><\/a><\/div>\n<div class=\"gallery-item \" style=\"width: 100%; height: auto;\"><a class=\"fancybox\" title=\"Trilocale Luna Riccione\" href=\"https:\/\/www.residenzalma.com\/wp-content\/uploads\/2019\/09\/1909-stella-alma.jpg\"  data-fancybox-group=\"Trilocale Luna\" ><img class=\"img-responsive\" alt=\"Trilocale Luna Riccione\" src=\"https:\/\/www.residenzalma.com\/wp-content\/uploads\/2019\/09\/1909-stella-alma.jpg\"  \/><div class=\"overlay\"><div class=\"overlay-meta\"><h3>Trilocale Luna Riccione<\/h3><span class=\"caption\"><\/span><\/div><\/div><\/a><\/div>\n\n\t            \n\t           <!-- END .col -->\n\t           <\/div>\n\n\t            \n\t           <!-- END .row -->\n\t           <\/div>\n","protected":false},"excerpt":{"rendered":"TRILOCALE LUNA Si trova nella tranquilla Via Cecina, a 5 minuti dal centro di Riccione, collegato dalla principale pista ciclabile e pedonale. Riccione \u00e8 la citt\u00e0 ideale per chi ama girare in bicicletta. Durante il soggiorno nel trilocale Luna \u00e8 possibile utilizzare le biciclette messe a disposizione gratuitamente. L\u2019appartamento \u00e8 situato al primo piano, 2-6 [...]","protected":false},"author":4,"featured_media":0,"parent":421,"menu_order":0,"comment_status":"open","ping_status":"closed","template":"","meta":[],"yoast_head":"<!-- This site is optimized with the Yoast SEO plugin v15.1.1 - https:\/\/yoast.com\/wordpress\/plugins\/seo\/ -->\n<meta name=\"robots\" content=\"index, follow, max-snippet:-1, max-image-preview:large, max-video-preview:-1\" \/>\n<link rel=\"canonical\" href=\"https:\/\/www.residenzalma.com\/en\/residence-alma-2\/apartment-luna\/\" \/>\n<meta property=\"og:locale\" content=\"en_US\" \/>\n<meta property=\"og:type\" content=\"article\" \/>\n<meta property=\"og:title\" content=\"Apartment Luna | Appartamenti Residenza Alma Riccione\" \/>\n<meta property=\"og:url\" content=\"https:\/\/www.residenzalma.com\/en\/residence-alma-2\/apartment-luna\/\" \/>\n<meta property=\"og:site_name\" content=\"Residenzalma\" \/>\n<meta property=\"article:publisher\" content=\"https:\/\/www.facebook.com\/residenzalmariccione\" \/>\n<meta property=\"article:modified_time\" content=\"2019-09-11T20:00:56+00:00\" \/>\n<meta name=\"twitter:card\" content=\"summary_large_image\" \/>\n<script type=\"application\/ld+json\" class=\"yoast-schema-graph\">{\"@context\":\"https:\/\/schema.org\",\"@graph\":[{\"@type\":\"Organization\",\"@id\":\"https:\/\/www.residenzalma.com\/en\/#organization\",\"name\":\"residenza alma di della chiara maurizio\",\"url\":\"https:\/\/www.residenzalma.com\/en\/\",\"sameAs\":[\"https:\/\/www.facebook.com\/residenzalmariccione\"],\"logo\":{\"@type\":\"ImageObject\",\"@id\":\"https:\/\/www.residenzalma.com\/en\/#logo\",\"inLanguage\":\"en-US\",\"url\":\"https:\/\/www.residenzalma.com\/wp-content\/uploads\/2020\/05\/Residenza-1.gif\",\"width\":1800,\"height\":1260,\"caption\":\"residenza alma di della chiara maurizio\"},\"image\":{\"@id\":\"https:\/\/www.residenzalma.com\/en\/#logo\"}},{\"@type\":\"WebSite\",\"@id\":\"https:\/\/www.residenzalma.com\/en\/#website\",\"url\":\"https:\/\/www.residenzalma.com\/en\/\",\"name\":\"Residenza Alma Riccione\",\"description\":\"Residenza Alma: Appartamenti e Case Vacanze a Riccione centro\",\"publisher\":{\"@id\":\"https:\/\/www.residenzalma.com\/en\/#organization\"},\"potentialAction\":[{\"@type\":\"SearchAction\",\"target\":\"https:\/\/www.residenzalma.com\/en\/?s={search_term_string}\",\"query-input\":\"required name=search_term_string\"}],\"inLanguage\":\"en-US\"},{\"@type\":\"WebPage\",\"@id\":\"https:\/\/www.residenzalma.com\/en\/residence-alma-2\/apartment-luna\/#webpage\",\"url\":\"https:\/\/www.residenzalma.com\/en\/residence-alma-2\/apartment-luna\/\",\"name\":\"Apartment Luna | Appartamenti Residenza Alma Riccione\",\"isPartOf\":{\"@id\":\"https:\/\/www.residenzalma.com\/en\/#website\"},\"datePublished\":\"2019-09-11T20:00:33+00:00\",\"dateModified\":\"2019-09-11T20:00:56+00:00\",\"inLanguage\":\"en-US\",\"potentialAction\":[{\"@type\":\"ReadAction\",\"target\":[\"https:\/\/www.residenzalma.com\/en\/residence-alma-2\/apartment-luna\/\"]}]}]}<\/script>\n<!-- \/ Yoast SEO plugin. -->","_links":{"self":[{"href":"https:\/\/www.residenzalma.com\/en\/wp-json\/wp\/v2\/pages\/744"}],"collection":[{"href":"https:\/\/www.residenzalma.com\/en\/wp-json\/wp\/v2\/pages"}],"about":[{"href":"https:\/\/www.residenzalma.com\/en\/wp-json\/wp\/v2\/types\/page"}],"author":[{"embeddable":true,"href":"https:\/\/www.residenzalma.com\/en\/wp-json\/wp\/v2\/users\/4"}],"replies":[{"embeddable":true,"href":"https:\/\/www.residenzalma.com\/en\/wp-json\/wp\/v2\/comments?post=744"}],"version-history":[{"count":0,"href":"https:\/\/www.residenzalma.com\/en\/wp-json\/wp\/v2\/pages\/744\/revisions"}],"up":[{"embeddable":true,"href":"https:\/\/www.residenzalma.com\/en\/wp-json\/wp\/v2\/pages\/421"}],"wp:attachment":[{"href":"https:\/\/www.residenzalma.com\/en\/wp-json\/wp\/v2\/media?parent=744"}],"curies":[{"name":"wp","href":"https:\/\/api.w.org\/{rel}","templated":true}]}}